{"id":11347,"date":"2022-09-25T22:14:33","date_gmt":"2022-09-25T20:14:33","guid":{"rendered":"https:\/\/ms.cws-hof.de\/?page_id=11347"},"modified":"2026-02-26T19:24:39","modified_gmt":"2026-02-26T18:24:39","slug":"presse-archiv","status":"publish","type":"page","link":"https:\/\/ms.cws-hof.de\/?page_id=11347","title":{"rendered":"Presse &#8211; Archiv"},"content":{"rendered":"<h3>Schuljahr 2024\/25<\/h3><ul class=\"lcp_catlist\" id=\"lcp_instance_0\"><li><a href=\"https:\/\/ms.cws-hof.de\/?p=12327\">Frankenpost vom 04.08.2025: Abschlussfeier der Christian-Wolfrum-Mittelschule<\/a><div class=\"lcp_excerpt\">\n\n\n<\/div><\/li><li><a href=\"https:\/\/ms.cws-hof.de\/?p=12313\">Frankenpost vom 22.05.2025:<\/a><div class=\"lcp_excerpt\">\nSch\u00fcler-Ausstellung in Hof &#8211; Sie haben den Rassismus satt\n\n\nFrankenpostartikel als PDF\n\n\n\n<\/div><\/li><li><a href=\"https:\/\/ms.cws-hof.de\/?p=12281\">Frankenpost vom 21.03.2025: CWS gewinnt Englisch-Contest<\/a><div class=\"lcp_excerpt\">\n\n\n<\/div><\/li><li><a href=\"https:\/\/ms.cws-hof.de\/?p=12273\">Frankenpost vom 19.02.2025: BLLV-Fu\u00dfballturnier<\/a><div class=\"lcp_excerpt\">\nHofer Lehrer holen ersten Pokal nach Jahrzehnten\n\n\nArtikel als PDF\n\n<\/div><\/li><li><a href=\"https:\/\/ms.cws-hof.de\/?p=12249\">Frankenpost vom 22.01.2025: Sch\u00fcler-Kunstwerke zeigen, was Vielfalt bedeutet<\/a><div class=\"lcp_excerpt\">\nScreenshot\n\n\n\n<\/div><\/li><li><a href=\"https:\/\/ms.cws-hof.de\/?p=12245\">Frankenpost vom 30.01.2025: Die Psyche der Sch\u00fcler im Blick<\/a><div class=\"lcp_excerpt\">\nhttps:\/\/ms.cws-hof.de\/wp-content\/uploads\/Zeitungsartikel.pdf\n\n\nFrau Monika R\u00f6del ist Schule-Wirtschaft-Expertin im Schulamtsbezirk\u00a0Hof\/Hof Land\n\n<\/div><\/li><li><a href=\"https:\/\/ms.cws-hof.de\/?p=12219\">Sch\u00fcler zeigen: &#8222;Wir sind bunt&#8220;<\/a><div class=\"lcp_excerpt\">\n\n\n<\/div><\/li><li><a href=\"https:\/\/ms.cws-hof.de\/?p=12179\">Wiedersehen nach 50 Jahren<\/a><div class=\"lcp_excerpt\">\nAm 12.10.2024 besuchten ehemalige Sch\u00fclerinnen und Sch\u00fcler die Christian-Wolfrum-Mittelschule.&nbsp;\n\n\nFrau Neumann f\u00fchrte die Jubilare durch das Schulhaus.\n\n\n\n\n<\/div><\/li><li><a href=\"https:\/\/ms.cws-hof.de\/?p=12071\">Neue Lehrkr\u00e4fte und Fachpersonal an der Christian-Wolfrum-Mittelschule<\/a><div class=\"lcp_excerpt\">\nMit vierzehn neuen Lehrern und 2 P\u00e4dagoginnen startet die Christian-Wolfrum-Mittelschule in das Schuljahr 2024\/2025. Am Montag verbrachten neun Frauen und drei M\u00e4nner bereits den Tag im Schulgeb\u00e4ude zur Anfangskonferenz und Organisation des ersten Schultages.\n\n\n\n\n\nvorne von rechts nach links: Michaela Neumann (Rektorin), Jessica Zittlau (Lehramtsanw\u00e4rterin), Daniela Fie\u00dfmann (Fachlehrerin Ku, Technik, Wirtschaft), Nicole Bauer (Fachlehrerin Ku, Technik, ...<\/div><\/li><\/ul>\n\n\n<h3>Schuljahr 2023\/24<\/h3><ul class=\"lcp_catlist\" id=\"lcp_instance_0\"><li><a href=\"https:\/\/ms.cws-hof.de\/?p=12067\">BR24 vom 26.07.2024: Nach &#8222;Weckruf&#8220;: Hohe Schulabbrecherquote in Hof sinkt<\/a><div class=\"lcp_excerpt\">\nhttps:\/\/www.br.de\/nachrichten\/bayern\/nach-weckruf-hohe-schulabbrecherquote-in-hof-sinkt,UJY3dcv\n\n<\/div><\/li><li><a href=\"https:\/\/ms.cws-hof.de\/?p=12061\">Frankenpost vom 25.07.2024: Mittelsch\u00fcler bekommen ihre Zeugnisse<\/a><div class=\"lcp_excerpt\">\n\n\n<\/div><\/li><li><a href=\"https:\/\/ms.cws-hof.de\/?p=12057\">Frankenpost vom 22.07.2024: Ehrung f\u00fcr junge Leute &#8211; Bestleistungen in der Mittelschule<\/a><div class=\"lcp_excerpt\">\n\n\n\nDie neun besten Absolventen in Stadt und Landkreis Hof haben bereits ganz konkrete Ziele f\u00fcr ihren k\u00fcnftigen Berufsweg \u2013 sei es im Handwerk oder auch mit einem Studium. Sie alle haben im Zeugnis eine Eins vor dem Komma stehen.\n\n\nGesamter Artikel als PDF\n\n<\/div><\/li><li><a href=\"https:\/\/ms.cws-hof.de\/?p=12040\">Frankenpost vom 14.06.2024: Hofer Mittelsch\u00fcler sollen Abschluss schaffen<\/a><div class=\"lcp_excerpt\">\nViele SchulabbrecherHofer Mittelsch\u00fcler sollen Abschluss schaffen\n\n\nEine Mischung aus intensivem Unterricht und l\u00e4ngeren Praktika soll den Hofer Mittelsch\u00fclern ab dem kommenden Schuljahr dabei helfen. Das Projekt startet an zwei Schulen in Hof.\n\n\nKompletter Artikel als PDF\n\n<\/div><\/li><li><a href=\"https:\/\/ms.cws-hof.de\/?p=12000\">Frankenpost vom 27.02.2024: Unsere Sch\u00fclerin\u00a0 Sumaia Habib vetrat uns im Vorlesewettbewerb der 6. Klassen<\/a><div class=\"lcp_excerpt\">\n\n\n<\/div><\/li><li><a href=\"https:\/\/ms.cws-hof.de\/?p=11903\">Frankenpost vom 24.11.2023: Mittelsch\u00fcler gestalten eine Ausstellung und einen Kalender<\/a><div class=\"lcp_excerpt\">\n\n\n\n\n\n<\/div><\/li><li><a href=\"https:\/\/ms.cws-hof.de\/?p=11773\">Frankenpost vom 21.09.2023: Schulanfang &#8211; Verst\u00e4rkte Kontrollen vor Hofer Schulen<\/a><div class=\"lcp_excerpt\">\n\n\n<\/div><\/li><li><a href=\"https:\/\/ms.cws-hof.de\/?p=11741\">Frankenpost vom 20.09.2023: &#8222;Welturauff\u00fchrung&#8220; in der Kommunbr\u00e4u<\/a><div class=\"lcp_excerpt\">\nHerr Dominik Biedermann ist der neue Musiklehrer in den Jahrgangsstufen 5 und 6.\n\n\nWir freuen uns so einen kompetenten Kollegen f\u00fcr unsere CWS-MS gewonnen zu haben.\n\n\n\n\n<\/div><\/li><\/ul>\n\n\n<h3>Schuljahr 2022\/23<\/h3><ul class=\"lcp_catlist\" id=\"lcp_instance_0\"><li><a href=\"https:\/\/ms.cws-hof.de\/?p=11730\">Frankenpost vom 31.07.2023: Junge T\u00fcftler entdecken die Arbeitswelt<\/a><div class=\"lcp_excerpt\">\n\n\n<\/div><\/li><li><a href=\"https:\/\/ms.cws-hof.de\/?p=11705\">Frankenpost vom 26.05.2023: Hofer Sch\u00fcler profitieren von Karrierenetzwerk<\/a><div class=\"lcp_excerpt\">\nDie Macher der Hofer Berufs-Geschichten (von links): Manuela Bierbaum, Reiner Frank, Anthipi Mitacou, Gisela Meinel, Marcus Traub, Isabel Wolf, Selina N\u00f6ldner, Dr. Dorothee Strunz und Stefan Stadelmann\u00a0Foto: Privat\n\n\nDas Netzwerk Schule-Wirtschaft und die Diakonie Hochfranken organisieren einen Abend voller Inspiration: Mehrere Referenten teilen mit Sch\u00fclern ihre Lebens-und Berufsgeschichten.\n\n\nIn der Christian-Wolfrum-Schule in Hof haben sich am Mittwochabend ...<\/div><\/li><li><a href=\"https:\/\/ms.cws-hof.de\/?p=11655\">Handwerkertag 2023<\/a><div class=\"lcp_excerpt\">\nFacebook-Nachricht der Stadt Hof\n\n\nhttps:\/\/www.facebook.com\/stadt.hof\/posts\/pfbid02ASVZaxzz2nBuW45ZotExeA9aNf71Yp827UrED45VUfnp9c871nKJbUWvUr2qHz7gl\n\n\n\n\n\nBericht auf br24:\n\n\nhttps:\/\/www.br.de\/nachrichten\/wirtschaft\/handwerkertag-wichtig-fuer-schueler-und-betriebe,TZv1EXw?fbclid=IwAR2_hLJEsW9wwlEiqq51Y214tgUmKaFRh4c1voRH9AyE8vs2_Lu6eGqX1t8\n\n\n\n\n\nHier geht&#8217;s zu unserem Video:\n\n\nhttps:\/\/cloud.schule-hof.de\/index.php\/s\/4kb6i7fxdw68yMk\n\n<\/div><\/li><li><a href=\"https:\/\/ms.cws-hof.de\/?p=11564\">Frankenpost vom 21.02.2023: Sie lesen wie die Gro\u00dfen<\/a><div class=\"lcp_excerpt\">\n\n\n<\/div><\/li><li><a href=\"https:\/\/ms.cws-hof.de\/?p=11553\">Frankenpost vom 31.01.2023: Unrecht endet nicht (Gottesdienst in St Johannes)<\/a><div class=\"lcp_excerpt\">\n\n\n<\/div><\/li><li><a href=\"https:\/\/ms.cws-hof.de\/?p=11476\">Frankenpost vom 16.11.2022: 33. Oberfr\u00e4nkisches Hallenfussballturnier des BLLV<\/a><div class=\"lcp_excerpt\">\n\n\n<\/div><\/li><li><a href=\"https:\/\/ms.cws-hof.de\/?p=11473\">Frankenpost vom 16.11.2022: Handwerker wagen die Schul-Offensive<\/a><div class=\"lcp_excerpt\">\n\n\n<\/div><\/li><li><a href=\"https:\/\/ms.cws-hof.de\/?p=11468\">09.11.2022 Start des Pilotprojektes #einfachfragen &#8211; Handwerkskammer f\u00fcr Oberfranken<\/a><div class=\"lcp_excerpt\">\nStart des Pilotprojektes #einfachfragen &#8211; Handwerkskammer f\u00fcr Oberfranken\n\n\nArtikel als PDF\n\n<\/div><\/li><li><a href=\"https:\/\/ms.cws-hof.de\/?p=11399\">Viessmann Stiftungen unterst\u00fctzen Hofer Mittelschulen<\/a><div class=\"lcp_excerpt\">\nDie Dr. Hans Vie\u00dfmann Stiftung und die Hans Viessmann Technologie Stiftung unterst\u00fctzen mit gro\u00dfz\u00fcgigen Spenden die Bildungsarbeit an den Hofer Mittelschulen. Dies betrifft einerseits Ma\u00dfnahmen zur St\u00e4rkung des Selbstwertgef\u00fchls und der Eigenverantwortung der Kinder, um die Quote der Schulabg\u00e4nger ohne Abschluss weiter zu reduzieren. Andererseits sollen die Jugendlichen durch verst\u00e4rkte Eigent\u00e4tigkeit gezielt auf handwerkliche Berufe ...<\/div><\/li><\/ul>\n\n\n<h3>Schuljahr 2021\/22<\/h3><ul class=\"lcp_catlist\" id=\"lcp_instance_0\"><li><a href=\"https:\/\/ms.cws-hof.de\/?p=11363\">Frankenpost vom 03.08.2022: Der erste Kontakt<\/a><div class=\"lcp_excerpt\">\n\n\n<\/div><\/li><li><a href=\"https:\/\/ms.cws-hof.de\/?p=11359\">Frankenpost vom 03.08.2022: Die Regierung von Oberfranken hat die besten Mittelsch\u00fclerinnen und Mittelsch\u00fcler geehrt.<\/a><div class=\"lcp_excerpt\">\n\n\n<\/div><\/li><li><a href=\"https:\/\/ms.cws-hof.de\/?p=11328\">Pressemitteilung vom 29.07.2022: Junge T\u00fcftler entdecken die Arbeitswelt<\/a><div class=\"lcp_excerpt\">\nSch\u00fclerinnen und Sch\u00fcler der Hofer Christian-Wolfrum-Mittelschule schnuppern bei der Sandler AG Praxisluft.\u00a0\n\n\nSchwarzenbach an der Saale \u2013 Fr\u00fch \u00fcbt sich, wer ein Meister oder eine Meisterin werden will. Getreu diesem Motto haben sich Jugendliche aus den 7. Schulklassen der Christian-Wolfrum-Mittelschule (CWS) Hof auf den Weg zu Betrieben der Region gemacht. Dort durften sie nicht nur zuschauen, ...<\/div><\/li><li><a href=\"https:\/\/ms.cws-hof.de\/?p=11311\">Frankenpost vom 26.07.2022: CWS entl\u00e4sst Absolventen<\/a><div class=\"lcp_excerpt\">\n\n\n<\/div><\/li><li><a href=\"https:\/\/ms.cws-hof.de\/?p=11289\">Frankenpost vom 06.77.22: CWS-Spende an das Tierheim<\/a><div class=\"lcp_excerpt\">\n\n\n<\/div><\/li><li><a href=\"https:\/\/ms.cws-hof.de\/?p=11028\">Eine Welt voller W\u00fcnsche<\/a><div class=\"lcp_excerpt\">\n\n\n<\/div><\/li><li><a href=\"https:\/\/ms.cws-hof.de\/?p=10839\">Frankenpost vom 28.09.2021: Vier neue Lehrkr\u00e4fte<\/a><div class=\"lcp_excerpt\">\n\n\n\n\n<\/div><\/li><\/ul>\n\n\n<h3>Schuljahr 2020\/21<\/h3><ul class=\"lcp_catlist\" id=\"lcp_instance_0\"><li><a href=\"https:\/\/ms.cws-hof.de\/?p=10798\">Frankenpost vom 02.08.2021: Absolventen der CWS verabschieden sich<\/a><div class=\"lcp_excerpt\">\n\n\n\n\n<\/div><\/li><li><a href=\"https:\/\/ms.cws-hof.de\/?p=10597\">Frankenpost vom 20.05.2021: Irmak Cakar ist die beste Vorleserin ihrer Schule<\/a><div class=\"lcp_excerpt\">\n\n\n\n\n<\/div><\/li><li><a href=\"https:\/\/ms.cws-hof.de\/?p=9758\">Frankenpost vom 20.02.2021: Die Sorgen der Corona-Jugend<\/a><div class=\"lcp_excerpt\">\nIm Artikel der Frankenpost vom 20.2 wird \u00fcber die Sorgen und \u00c4ngste von Abschlusssch\u00fclern berichtet&#8230; es wurde auch Sila aus der Klasse 9b\u00a0interviewt.\n\n\nFrankenpost-Artikel als PDF\n\n<\/div><\/li><li><a href=\"https:\/\/ms.cws-hof.de\/?p=9538\">Frankenpost vom 05.02.2021: Notbetreuung: Dilemma oder Segen?<\/a><div class=\"lcp_excerpt\">\n\n\n<\/div><\/li><li><a href=\"https:\/\/ms.cws-hof.de\/?p=8840\">Frankenpost vom 26.12.2020: Zeitzeuge berichtet von Flucht aus DDR<\/a><div class=\"lcp_excerpt\">\n\n\n<\/div><\/li><li><a href=\"https:\/\/ms.cws-hof.de\/?p=8634\">Frankenpost vom  07.12.2020: Wir sind stolz auf unsere Sch\u00fclerlotsen und Amy Kannheiser<\/a><div class=\"lcp_excerpt\">\n\n\n\n\n<\/div><\/li><li><a href=\"https:\/\/ms.cws-hof.de\/?p=8464\">Frankenpost vom 28.11.2020: Vorlesen bildet<\/a><div class=\"lcp_excerpt\">\n\n\n\n\n<\/div><\/li><li><a href=\"https:\/\/ms.cws-hof.de\/?p=8415\">Frankenpost vom 25.11.2020: Sch\u00fclerinnen und Sch\u00fcler der Klasse 9cM lasen am bundesweiten Vorlesetag an der CWS-GS vor<\/a><div class=\"lcp_excerpt\">\n\n\n\n\n<\/div><\/li><li><a href=\"https:\/\/ms.cws-hof.de\/?p=8234\">Frankenpost vom 22.09.2020: Hof nimmt gro\u00dfe Schulprojekte in Angriff<\/a><div class=\"lcp_excerpt\">\n\n\n<\/div><\/li><li><a href=\"https:\/\/ms.cws-hof.de\/?p=8209\">Frankenpost vom 15.09.2020: CWS erweitert das Kollegium<\/a><div class=\"lcp_excerpt\">\n\n\n<\/div><\/li><\/ul>\n\n\n<h3>Schuljahr 2019\/20<\/h3><ul class=\"lcp_catlist\" id=\"lcp_instance_0\"><li><a href=\"https:\/\/ms.cws-hof.de\/?p=8142\">Frankenpost vom 03.08.2020: Abschied mit Abstand<\/a><div class=\"lcp_excerpt\">\n\n\n\n\n\n\n\n\n\n\n\n\n\n\n\n\n\n<\/div><\/li><li><a href=\"https:\/\/ms.cws-hof.de\/?p=8126\">Frankenpost vom 25.07.2020: Schulprojekt informiert \u00fcber Leben mit Behinderung<\/a><div class=\"lcp_excerpt\">\n\n\n\n\n<\/div><\/li><li><a href=\"https:\/\/ms.cws-hof.de\/?p=5897\">Frankenpost vom 04.04.2020; Unterricht kommt per YouTube<\/a><div class=\"lcp_excerpt\">\n\n\n<\/div><\/li><li><a href=\"https:\/\/ms.cws-hof.de\/?p=3829\">Hauszeitung der Volkshochschule Hofer Land Ausgabe 5\/19: Sch\u00fclerwettbewerb zum Schicksal j\u00fcdischer Hofer<\/a><div class=\"lcp_excerpt\">\n\n\n\nDownload der PDF-Datei\n\n<\/div><\/li><li><a href=\"https:\/\/ms.cws-hof.de\/?p=3827\">evangelisches Sonntagsblatt vom 17.11.2019: Alte Ideologie in neuer Dreistigkeit<\/a><div class=\"lcp_excerpt\">\n\n\n<\/div><\/li><li><a href=\"https:\/\/ms.cws-hof.de\/?p=3821\">Frankenpost vom 10.01.2020: Kreative Sch\u00fcler k\u00e4mpfen gegen Komasaufen<\/a><div class=\"lcp_excerpt\">\n\n\n<\/div><\/li><li><a href=\"https:\/\/ms.cws-hof.de\/?p=3815\">Frankenpost vom 10.01.2020: Mit Informatik in die Zukunft<\/a><div class=\"lcp_excerpt\">\n\n\n<\/div><\/li><li><a href=\"https:\/\/ms.cws-hof.de\/?p=3769\">Frankenpost vom 26.11.2019: UmweltPreis f\u00fcr Schulen in und um Hof<\/a><div class=\"lcp_excerpt\">\n\n\n<\/div><\/li><li><a href=\"https:\/\/ms.cws-hof.de\/?p=3748\">Frankenpost vom 10.12.2019: Drei-Klang-Konzert<\/a><div class=\"lcp_excerpt\">\n\n\n<\/div><\/li><li><a href=\"https:\/\/ms.cws-hof.de\/?p=3744\">Frankenpost vom 11.12.2019: Netzwerk zeichnet ArbeiTskreis Schule-Wirtschaft Hof aus<\/a><div class=\"lcp_excerpt\">\n\n\n\n Frau Monika R\u00f6del ist unsere Konrektorin und zus\u00e4tzlich dieSchule-Wirtschaft-Expertin f\u00fcr den Schulamtsbezirk Hof \n\n<\/div><\/li><\/ul>\n\n\n<ul class=\"lcp_catlist\" id=\"lcp_instance_0\"><li><a href=\"https:\/\/ms.cws-hof.de\/?p=3509\">Bunte M\u00fclleimer im Hofer Zoo<\/a><div class=\"lcp_excerpt\">\n\n\n\nDie Klasse 6aG gestaltete zusammen mit der AG Beton und den betreuenden Lehrkr\u00e4ften Frau Pf\u00e4ndner und Herrn Sonntag die M\u00fclleimer des Hofer Zoos.\n\n<\/div><\/li><li><a href=\"https:\/\/ms.cws-hof.de\/?p=3454\">Frankenpost vom 30.07.2019: Projekttag &#8222;no risk &#8211; no fun?&#8220;<\/a><div class=\"lcp_excerpt\">\n\n\n<\/div><\/li><li><a href=\"https:\/\/ms.cws-hof.de\/?p=3451\">Frankenpost vom 01.08.2019: Sch\u00fcler setzen sich mit Rassisimus auseiander<\/a><div class=\"lcp_excerpt\">\n\n\n<\/div><\/li><li><a href=\"https:\/\/ms.cws-hof.de\/?p=3438\">FRANKENPOST VOM 20.07.2019:  Viele gute W\u00fcnsche f\u00fcr die Zukunft<\/a><div class=\"lcp_excerpt\">\n\n\n<\/div><\/li><li><a href=\"https:\/\/ms.cws-hof.de\/?p=3435\">Frankenpost vom 20.07.2019: Ehrung f\u00fcr die  f\u00fcnf besten<\/a><div class=\"lcp_excerpt\">\n\n\n<\/div><\/li><li><a href=\"https:\/\/ms.cws-hof.de\/?p=3352\">Frankenpost vom 05.06.2019: Neue helle Klassenzimmer<\/a><div class=\"lcp_excerpt\">\n\n\n<\/div><\/li><li><a href=\"https:\/\/ms.cws-hof.de\/?p=3326\">Frankenpost vom 25. 04. 2019: Sensationeller Erfolg f\u00fcr die Judoka<\/a><div class=\"lcp_excerpt\">\nDie Christian-Wolfrum-Mittelschule hat als einzige Mittelschule in Oberfranken am Judo- Turnier &#8222;Jugend trainiert f\u00fcr Olympia&#8220; teilgenommen.\n\n\nFrankenpostartikel als PDF\n\n<\/div><\/li><li><a href=\"https:\/\/ms.cws-hof.de\/?p=3221\">Frankenpost vom 15.03.2019:  Betriebe begeistern Sch\u00fcler f\u00fcr ihr Handwerk<\/a><div class=\"lcp_excerpt\">\n Die Vielfalt der M\u00f6glichkeiten macht die Berufswahl f\u00fcr junge Menschen am Ende der Schulzeit zur echten Herausforderung. Im Rahmen des seit sieben Jahren stattfindenden Handwerkertages an der Christian-Wolfrum-Mittelschule Hof kamen Vertreter von Firmen und Branchen zusammen, &#8230;.\n\n\nFrankenpost-Artikel als PDF\n\n\nFrankenpost-Bildergalerie zum Artikel\n\n<\/div><\/li><li><a href=\"https:\/\/ms.cws-hof.de\/?p=3094\">Frankenpost vom 21.02.2019: Helene Gollasch geht in den sportlichen Ruhestand<\/a><div class=\"lcp_excerpt\">\n\n\n<\/div><\/li><li><a href=\"https:\/\/ms.cws-hof.de\/?p=3045\">Frankenpost vom 12.02.2019: Dritter Platz f\u00fcr Fussball-Team der Mittelschullehrer<\/a><div class=\"lcp_excerpt\">\n\n\n<\/div><\/li><\/ul>\n\n\n<ul class=\"lcp_catlist\" id=\"lcp_instance_0\"><li><a href=\"https:\/\/ms.cws-hof.de\/?p=2797\">Frankenpost vom 21.07.2018: Viele gute W\u00fcnsche<\/a><div class=\"lcp_excerpt\">\nDie dritte von links ist\u00a0 Caroline Maslowski!\n<\/div><\/li><li><a href=\"https:\/\/ms.cws-hof.de\/?p=2749\">Frankenpost vom 26.06.2018: Rund um die Pumpe<\/a><div class=\"lcp_excerpt\">Die Klasse 8d \u00dc der Christian-Wolfrum-Mittelschule hat im Rahmen des Klasse! -Projekts die Firma Wilo in Hof besucht.\nArtikel aus der Frankenpost vom 26.06.2018 als pdf\n&nbsp;\n<\/div><\/li><li><a href=\"https:\/\/ms.cws-hof.de\/?p=2721\">Frankenpost vom 17.05.2018: Schulfamilie setzt sich ein gegen Diskriminierung<\/a><div class=\"lcp_excerpt\">\n<\/div><\/li><li><a href=\"https:\/\/ms.cws-hof.de\/?p=2717\">Frankenpost vom 10.05.2018: Einblicke in ein Leben im Rollstuhl<\/a><div class=\"lcp_excerpt\">\n<\/div><\/li><li><a href=\"https:\/\/ms.cws-hof.de\/?p=2680\">Deutsche Handwerks Zeitung vom 13.4.2018: Das Handwerk zeigt Flagge<\/a><div class=\"lcp_excerpt\">\n<\/div><\/li><li><a href=\"https:\/\/ms.cws-hof.de\/?p=2673\">Frankenpost vom 21.04.2018: Kinder kennen sich aus mit M\u00fcll<\/a><div class=\"lcp_excerpt\">\n<\/div><\/li><li><a href=\"https:\/\/ms.cws-hof.de\/?p=2596\">Frankenpost vom 30.01.2018: Sch\u00fcler im Dialog mit Gefl\u00fcchteten<\/a><div class=\"lcp_excerpt\">Drei Syrer besuchen die Christian-Wolfrum-Schule. Im Gespr\u00e4ch mit Sechstkl\u00e4sslern beantworten sie viele Fragen.\n<\/div><\/li><li><a href=\"https:\/\/ms.cws-hof.de\/?p=2451\">Mit sechs neuen Lehrern startet die Christian- Wolfrum- Mittelschule in das Schuljahr 2017\/2018<\/a><div class=\"lcp_excerpt\">\nAm Montag verbrachten die zwei Frauen und vier M\u00e4nner bereits den Tag im\u00a0Schulgeb\u00e4ude zur Anfangskonferenz und Organisation des ersten Schultages.\nUnten von\u00a0links nach rechts Herr Christian Gruber (Lehramtsanw\u00e4rter), Frau Janina Kohl (im\u00a0Stundenausgleich), Frau Anja Huth (ev. Religionslehre), Herr Sebastian Gesell (Klassenleiter\nKlasse 5aG).\nIn der hinteren Reihe steht Herr Str\u00f6\u00dfner (Klassenlehrer der Klasse 8b), neben ihm die\u00a0Rektorin Frau ...<\/div><\/li><\/ul>\n\n\n<ul class=\"lcp_catlist\" id=\"lcp_instance_0\"><li><a href=\"https:\/\/ms.cws-hof.de\/?p=2441\">Frankenpost vom 03.08.2017: Judo-Stadtmeisterschaften<\/a><div class=\"lcp_excerpt\">\n<\/div><\/li><li><a href=\"https:\/\/ms.cws-hof.de\/?p=2437\">Frankenpost vom 27.07.2017: Fahrr\u00e4der \u00fcbergeben<\/a><div class=\"lcp_excerpt\">An Schulen in der Stadt Hof und im Landkreis hat die Kreisverkehrswacht Hof Fahrr\u00e4der im Wert von 3000 Euro \u00fcbergeben.\n\n<\/div><\/li><li><a href=\"https:\/\/ms.cws-hof.de\/?p=2435\">Frankenpost vom 25.07.2017: Lange ersehntes Zeugnis in den H\u00e4nden<\/a><div class=\"lcp_excerpt\">Die Christian-Wolfrum-Mittelschule verabschiedet Neunt- und Zehntkl\u00e4ssler.\n\n<\/div><\/li><li><a href=\"https:\/\/ms.cws-hof.de\/?p=2394\">Frankenpost vom 02.06.2017: Projekttag \u00fcber Leben mit einer L\u00e4hmung<\/a><div class=\"lcp_excerpt\">Hier geht&#8217;s zum Artikel in der Frankenpost.\n<\/div><\/li><li><a href=\"https:\/\/ms.cws-hof.de\/?p=2318\">Frankenpost vom 04.02.2017: So entstehen Kunststoffteile<\/a><div class=\"lcp_excerpt\">\nMittelsch\u00fcler bekommen Einblick\u00a0in die Kunststoffherstellung\n60 Sch\u00fcler der achten und neunten Klassen der Christian-Wolfrum Mittelschule\u00a0bekamen am Donnerstag Besuch von Vertretern des Kunststoff-Netzwerks Franken\u00a0(KNF).\nInhalte des 90-min\u00fctigen Unterrichts waren nicht nur theoretisches Wissen \u00fcber die\u00a0vielf\u00e4ltigsten Einsatzgebiete von Kunststoffen sowie die in der Kunststoffindustrie\u00a0angebotenen Ausbildungsberufe. Die interessierten Sch\u00fcler durften dar\u00fcber hinaus\u00a0vier Stationen durchlaufen, an denen sie selbst praktisch t\u00e4tig ...<\/div><\/li><li><a href=\"https:\/\/ms.cws-hof.de\/?p=2309\">Frankenpost vom 12.01.2017: Kurz &#038; b\u00fcndig<\/a><div class=\"lcp_excerpt\">\n<\/div><\/li><li><a href=\"https:\/\/ms.cws-hof.de\/?p=2302\">Frankenpost vom 29.12.2016: Syrer erz\u00e4hlen von ihrer Flucht<\/a><div class=\"lcp_excerpt\">\n<\/div><\/li><li><a href=\"https:\/\/ms.cws-hof.de\/?p=2291\">Frankenpost vom 26.11.2016: Sch\u00fcler als Zuh\u00f6rer und Vorleser<\/a><div class=\"lcp_excerpt\">\n<\/div><\/li><li><a href=\"https:\/\/ms.cws-hof.de\/?p=2182\">Frankenpost vom 15.10.2016: Die Doppelspitze \u00fcbernimmt<\/a><div class=\"lcp_excerpt\">Michaela Neumann und Laila Pedall \u00fcbernehmen die Leitung an der Hofer ChristianWolfrumSchule.\nBeide eint der Wunsch, die Schule im Miteinander in die Zukunft zu f\u00fchren.\nFrankenpostartikel als PDF\n<\/div><\/li><li><a href=\"https:\/\/ms.cws-hof.de\/?p=2115\">Mit acht neuen Lehrern startet die Christian- Wolfrum-Mittelschule in das Schuljahr\u00a02016\/2017<\/a><div class=\"lcp_excerpt\">&nbsp;\n\nUnten von\u00a0links nach rechts Frau Laila Pedall (Stellvertretende Schulleiterin und Klassenleiterin 10bM),\u00a0Frau Colette Lang (Englisch, GSE) und Erika Wolfrum (Klassenleiterin 6b). Die neue\u00a0Schulleiterin Michaela Neumann f\u00fchrt links die obere Reihe an. Daneben stehen Holger\u00a0Sonntag (F\u00f6rderlehrer),\u00a0Benedikt Bernreuther (Klassenleiter 9a), Angela Ro\u00df (Klassenleiterin\u00a07b), Detlev Hoffmann (Klassenleiter 5b) und Franziska Wildfeuer (Lehramtsanw\u00e4rterin).\n<\/div><\/li><\/ul>\n\n\n<ul class=\"lcp_catlist\" id=\"lcp_instance_0\"><li><a href=\"https:\/\/ms.cws-hof.de\/?p=2088\">Frankenpost vom 27.07.2016: Beste Mittelsch\u00fcler aus der Region<\/a><div class=\"lcp_excerpt\">Mit einer Eins vor dem Komma haben sechs junge Leute die Pr\u00fcfungen bestanden. Jetzt freuen sich die erfolgreichsten Sch\u00fcler \u00fcber Auszeichnungen\nFrankenpostartikel als PDF.\n\n\n<\/div><\/li><li><a href=\"https:\/\/ms.cws-hof.de\/?p=2086\">Frankenpost vom 26.07.2016: Ein Kompass f\u00fcr den Weg nach der Schulzeit<\/a><div class=\"lcp_excerpt\">Mit einem Notenschnitt von 1,0 ist Marco M\u00fcller der beste Absolvent der Christian-Wolfrum-Schule. Mit dem Abschluss \u00f6ffnen sich nun T\u00fcren.\n\nDie besten Absolventen der Christian-Wolfrum-Mittelschule (von links): Martin Lang, Dogukan Uckun, Marco M\u00fcller, David Lutsch und Jayme Wittig mit Schulleiterin Michaela Neumann.\nFrankenpostartikel als PDF\n<\/div><\/li><li><a href=\"https:\/\/ms.cws-hof.de\/?p=2004\">Frankenpost vom 24.03.2016: Stefan Stadelmann ist neuer Schulrat<\/a><div class=\"lcp_excerpt\">Der ehemalige Rektor der Christian-Wolfrum-Mittelschule besetzt die vakante dritte Stelle im Schulamt. Damit hinterl\u00e4sst er wiederum eine andere L\u00fccke.\nFrankenpostartikel als PDF\n<\/div><\/li><li><a href=\"https:\/\/ms.cws-hof.de\/?p=1936\">Frankenpost vom 09.03.2016: Handwerker werben um Azubis<\/a><div class=\"lcp_excerpt\">In der Christian-Wolfrum-Schule pr\u00e4sentieren Handwerksbetriebe ihr Aus- bildungsangebot. Sie zeigen den Achtkl\u00e4sslern M\u00f6glichkeiten und Chancen im Handwerk auf.\n<\/div><\/li><li><a href=\"https:\/\/ms.cws-hof.de\/?p=1926\">Frankenpost vom 11.02.2016: Die Judo-AG<\/a><div class=\"lcp_excerpt\">\n<\/div><\/li><li><a href=\"https:\/\/ms.cws-hof.de\/?p=1912\">Frankenpost vom 21.01.2016: Attraktive Berufe mit Kunststoff<\/a><div class=\"lcp_excerpt\">Die Initiative My Plastics stellt den Sch\u00fclern der Christian-Wolfrum-Mittelschule ihre Ausbildungsberufe vor. Das Ziel ist, den Facharbeiternachwuchs in der Heimat zu halten.\n<\/div><\/li><li><a href=\"https:\/\/ms.cws-hof.de\/?p=1881\">Frankenpost vom 27.12.2015: Umweltschule erh\u00e4lt drei Sterne<\/a><div class=\"lcp_excerpt\">Der Christian-Wolfrum-Mittelschule in Hof wird die Auszeichnung Umweltschule in Europa zuteil. Diesmal setzen die Sch\u00fcler noch einen drauf.\n<\/div><\/li><li><a href=\"https:\/\/ms.cws-hof.de\/?p=1781\">Frankenpost vom 24.09.2015: An der Christian-Wolfrum-Mittelschule sind in diesem Schuljahr neun neue Kollegen am Start<\/a><div class=\"lcp_excerpt\">\nAn der Christian-Wolfrum-Mittelschule sind in diesem Schuljahr neun neue Kollegen am Start und beleben dadurch das Lehrerteam. Auf dem Bild befinden sich (oben von rechts) Rektor Stefan Stadelmann, Lehramtsanw\u00e4rter Gert Schneider (5c), Silvia Knieling als Jugendsozialarbeiterin an Schulen, Nina Hegewald (5\u00dc), Sabine M\u00fcller-Martin (5aG), Carolin Barnert (5bG); von rechts unten: Lehramtsanw\u00e4rter Dominik Kirsch, Melanie Pf\u00e4ndner-Rodgers ...<\/div><\/li><\/ul>\n\n\n<ul class=\"lcp_catlist\" id=\"lcp_instance_0\"><li><a href=\"https:\/\/ms.cws-hof.de\/?p=1620\">Frankenpost vom 12.06.2015: Wolfrum-Schule stockt Ganztagsangebot auf<\/a><div class=\"lcp_excerpt\">Unterricht bis 16 Uhr &#8211; immer mehr Eltern setzen auf dieses Angebot. Die Christian-Wolfrum- Mittelschule \u00f6ffnet deshalb nun einen zweiten Ganztageszug.\n<\/div><\/li><li><a href=\"https:\/\/ms.cws-hof.de\/?p=1578\">Frankenpost vom 01.04.2015: Lesek\u00fcnstler ermitteln ihre Besten<\/a><div class=\"lcp_excerpt\">Laura Uhlig vertritt den Landkreis Hof beim Englisch-Bezirksentscheid in Bayreuth. \n<\/div><\/li><li><a href=\"https:\/\/ms.cws-hof.de\/?p=1547\">Blickpunkt vom 11.03.2015: Handwerk sucht die Azubis von morgen<\/a><div class=\"lcp_excerpt\">Die regionalen Handwerksbetriebe suchen engagierten Nachwuchs, w\u00e4hrend sich Achtkl\u00e4ssler der Mittelschulen jetzt schon den Kopf zerbrechen, was sie mal werden wollen. Der Handwerkertag an der Christian-Wolfrum-Schule f\u00fchrt beide zusammen.\n<\/div><\/li><li><a href=\"https:\/\/ms.cws-hof.de\/?p=1512\">Frankenpost vom 05.03.2015: HAUTNAH AM HANDWERK<\/a><div class=\"lcp_excerpt\">Die Sch\u00fcler der ChristianWolfrumMittelschule erleben einen ganz besonderen Tag. Sie hantieren mit Per\u00fccken, Dachziegeln und Metall. Ein Unget\u00fcm schm\u00fcckt die Eingangshalle.\n<\/div><\/li><\/ul>\n\n\n<ul class=\"lcp_catlist\" id=\"lcp_instance_0\"><li><a href=\"https:\/\/ms.cws-hof.de\/?p=1308\">Frankenpost vom 29.07.2014: Schulabschluss 2013\/14<\/a><div class=\"lcp_excerpt\">Die Christian-Wolfrum-Mittelschule verabschiedet ihre Absolventen. Zwei dr\u00fccken freiwillig weiter die Schulbank: Sie wollen jetzt auch Abitur machen.\n<\/div><\/li><li><a href=\"https:\/\/ms.cws-hof.de\/?p=1189\">Frankenpost vom 31.01.2014 Campus of excellence<\/a><div class=\"lcp_excerpt\"> Das Hofer Projekt &#8222;Zukunft Talent&#8220; f\u00f6rdert Hauptsch\u00fcler \u00fcber f\u00fcnf Jahre intensiv. Um die Teilnehmer auf die digitalen Herausforderungen der Arbeitswelt vorzubereiten, \u00fcberreichte der Campus of Excellence nun 60 iPads.\n<\/div><\/li><li><a href=\"https:\/\/ms.cws-hof.de\/?p=1123\">Frankenpost vom 30.01.2014: Kreatives aus Elektroschrott<\/a><div class=\"lcp_excerpt\">Die &#8222;Schraubertonne&#8220; des Abfallzweckverbandes erweist sich f\u00fcr Hofer Sch\u00fcler als wahre Schatztruhe. Mit ausgebauten Teilen setzen sie eigene Ideen um.\n<\/div><\/li><li><a href=\"https:\/\/ms.cws-hof.de\/?p=1126\">Frankenpost vom 12.12.2013: Mit den &#8222;Toten Hosen&#8220; in neuen Lebensabschnitt<\/a><div class=\"lcp_excerpt\">Die Christian-Wolfrum-Mittelschule hat eine neue Konrektorin. Die Bayreutherin Michaela Neumann ist schon vor vielen Jahren nach Hof gezogen.\n<\/div><\/li><li><a href=\"https:\/\/ms.cws-hof.de\/?p=1118\">Frankenpost vom 24.10.2013: Neue Lehrer<\/a><div class=\"lcp_excerpt\">Frankenpost vom 24.10.2013: Neue Lehrer<\/div><\/li><\/ul>\n\n\n<ul class=\"lcp_catlist\" id=\"lcp_instance_0\"><\/ul>\n","protected":false},"excerpt":{"rendered":"","protected":false},"author":51,"featured_media":0,"parent":0,"menu_order":0,"comment_status":"closed","ping_status":"closed","template":"","meta":{"footnotes":""},"class_list":["post-11347","page","type-page","status-publish","hentry"],"_links":{"self":[{"href":"https:\/\/ms.cws-hof.de\/index.php?rest_route=\/wp\/v2\/pages\/11347","targetHints":{"allow":["GET"]}}],"collection":[{"href":"https:\/\/ms.cws-hof.de\/index.php?rest_route=\/wp\/v2\/pages"}],"about":[{"href":"https:\/\/ms.cws-hof.de\/index.php?rest_route=\/wp\/v2\/types\/page"}],"author":[{"embeddable":true,"href":"https:\/\/ms.cws-hof.de\/index.php?rest_route=\/wp\/v2\/users\/51"}],"replies":[{"embeddable":true,"href":"https:\/\/ms.cws-hof.de\/index.php?rest_route=%2Fwp%2Fv2%2Fcomments&post=11347"}],"version-history":[{"count":7,"href":"https:\/\/ms.cws-hof.de\/index.php?rest_route=\/wp\/v2\/pages\/11347\/revisions"}],"predecessor-version":[{"id":12485,"href":"https:\/\/ms.cws-hof.de\/index.php?rest_route=\/wp\/v2\/pages\/11347\/revisions\/12485"}],"wp:attachment":[{"href":"https:\/\/ms.cws-hof.de\/index.php?rest_route=%2Fwp%2Fv2%2Fmedia&parent=11347"}],"curies":[{"name":"wp","href":"https:\/\/api.w.org\/{rel}","templated":true}]}}